{"id":686,"date":"2017-10-18T10:57:15","date_gmt":"2017-10-18T10:57:15","guid":{"rendered":"https:\/\/www.domainedemoutier.fr\/home-vila\/"},"modified":"2022-10-12T17:45:55","modified_gmt":"2022-10-12T17:45:55","slug":"home-vila","status":"publish","type":"page","link":"https:\/\/www.domainedemoutier.fr\/ca\/","title":{"rendered":"Home Vila"},"content":{"rendered":"<p>[vc_row full_width=&#8221;stretch_row&#8221; equal_height=&#8221;yes&#8221; css=&#8221;.vc_custom_1538992832051{margin-bottom: 80px !important;padding-top: 0px !important;padding-bottom: 5px !important;background-color: #eae5e6 !important;}&#8221;][vc_column width=&#8221;1\/6&#8243;][vc_column_text]<img loading=\"lazy\" decoding=\"async\" class=\"aligncenter size-full wp-image-57\" src=\"https:\/\/www.domainedemoutier.fr\/wp-content\/uploads\/2018\/08\/wifi.png\" alt=\"\" width=\"32\" height=\"32\"><\/p>\n<h4 style=\"text-align: center;\">Sense fil<\/h4>\n<p>[\/vc_column_text][\/vc_column][vc_column width=&#8221;1\/6&#8243;][vc_column_text]<img loading=\"lazy\" decoding=\"async\" class=\"aligncenter size-full wp-image-63\" src=\"https:\/\/www.domainedemoutier.fr\/wp-content\/uploads\/2018\/08\/double-bed.png\" alt=\"\" width=\"32\" height=\"32\"><\/p>\n<h4 style=\"text-align: center;\">7 dormitoris<\/h4>\n<p>[\/vc_column_text][\/vc_column][vc_column width=&#8221;1\/6&#8243;][vc_column_text]<img loading=\"lazy\" decoding=\"async\" class=\"aligncenter size-full wp-image-61\" src=\"https:\/\/www.domainedemoutier.fr\/wp-content\/uploads\/2018\/08\/bathtub.png\" alt=\"\" width=\"32\" height=\"32\"><\/p>\n<h4 style=\"text-align: center;\">4 banys<\/h4>\n<p>[\/vc_column_text][\/vc_column][vc_column width=&#8221;1\/6&#8243;][vc_column_text]<img loading=\"lazy\" decoding=\"async\" class=\"aligncenter size-medium wp-image-62\" src=\"https:\/\/www.domainedemoutier.fr\/wp-content\/uploads\/2018\/08\/passport-2.png\" alt=\"\" width=\"32\" height=\"32\"><\/p>\n<h4 style=\"text-align: center;\">Aparcament privat<\/h4>\n<p>[\/vc_column_text][\/vc_column][vc_column width=&#8221;1\/6&#8243;][vc_column_text]<img loading=\"lazy\" decoding=\"async\" class=\"aligncenter size-full wp-image-64\" src=\"https:\/\/www.domainedemoutier.fr\/wp-content\/uploads\/2018\/08\/sea-sun.png\" alt=\"\" width=\"32\" height=\"32\"><\/p>\n<h4 style=\"text-align: center;\">Hort-jard\u00ed<\/h4>\n<p>[\/vc_column_text][\/vc_column][vc_column width=&#8221;1\/6&#8243;][vc_column_text]<img loading=\"lazy\" decoding=\"async\" class=\"aligncenter size-full wp-image-60\" src=\"https:\/\/www.domainedemoutier.fr\/wp-content\/uploads\/2018\/08\/airplane.png\" alt=\"\" width=\"32\" height=\"32\"><\/p>\n<h4 style=\"text-align: center;\">GR10 i pistes<\/h4>\n<p>[\/vc_column_text][\/vc_column][\/vc_row][vc_row][vc_column][vc_custom_heading text=&#8221;Benvinguda de grup al Domaine de Moutier&#8221; font_container=&#8221;tag:h2|font_size:40px|text_align:left|line_height:1.2&#8243; use_theme_fonts=&#8221;yes&#8221;][vc_column_text]<\/p>\n<h4>Vine a capturar tota la bellesa del Pa\u00eds Catal\u00e0 \u201ca la Cerdanya\u201d.<\/h4>\n<h4>Situat en el marc del mass\u00eds dels Pirineus Orientals ric en una naturalesa excepcional, la Villa Moutier Notre-Dame us d\u00f3na la benvinguda.<\/h4>\n<h4 style=\"text-align: left;\">Casa rural per a 12 persones o m\u00e9s, Villa Moutier Notre-Dame es troba a una altitud de 1350m a la localitat d&#8217;Angoustrine Villeneuve Les Escaldes (66760) al cor de la Cerdanya, prop de la frontera espanyola.<\/h4>\n<p>[\/vc_column_text][\/vc_column][\/vc_row][vc_row equal_height=&#8221;yes&#8221; css=&#8221;.vc_custom_1533816996581{margin-bottom: 80px !important;}&#8221;][vc_column css_animation=&#8221;none&#8221; width=&#8221;2\/5&#8243; css=&#8221;.vc_custom_1534071479274{padding-top: 60px !important;padding-right: 50px !important;padding-bottom: 40px !important;}&#8221;][vc_custom_heading text=&#8221;La sala d&#8217;estar&#8221; font_container=&#8221;tag:h2|font_size:40px|text_align:left|line_height:1.2&#8243; use_theme_fonts=&#8221;yes&#8221; el_id=&#8221;intro&#8221;][vc_separator color=&#8221;violet&#8221; align=&#8221;align_left&#8221; border_width=&#8221;6&#8243; el_width=&#8221;20&#8243;][vc_column_text]<\/p>\n<h4>La sala d&#8217;estar est\u00e0 inspirada en l&#8217;art d\u00e9co. Gaudeix d&#8217;una gran xemeneia d&#8217;\u00e8poca mentre reserves una vista de les muntanyes a trav\u00e9s d&#8217;un conjunt de finestres a l&#8217;estil d&#8217;un taller d&#8217;artista, amb el seu encant lleuger i atemporal que aporta un estil personal a la resid\u00e8ncia.<\/h4>\n<p>[\/vc_column_text][\/vc_column][vc_column css_animation=&#8221;fadeInLeft&#8221; width=&#8221;3\/5&#8243; css=&#8221;.vc_custom_1534071506657{background-position: center !important;background-repeat: no-repeat !important;background-size: cover !important;}&#8221;][vc_media_grid element_width=&#8221;6&#8243; grid_id=&#8221;vc_gid:1665577480130-c40835706baa7b54bf4621d4cc8563d1-5&#8243; include=&#8221;297,298&#8243;][\/vc_column][\/vc_row][vc_row equal_height=&#8221;yes&#8221; css=&#8221;.vc_custom_1661450733662{margin-bottom: 80px !important;}&#8221;][vc_column css_animation=&#8221;fadeInRight&#8221; width=&#8221;2\/3&#8243; css=&#8221;.vc_custom_1650917671903{background-position: center !important;background-repeat: no-repeat !important;background-size: cover !important;}&#8221;][vc_media_grid element_width=&#8221;6&#8243; grid_id=&#8221;vc_gid:1665577480581-9040a7f01a9ffd9a22a540cbf84b06af-9&#8243; include=&#8221;300,304&#8243;][\/vc_column][vc_column css_animation=&#8221;none&#8221; width=&#8221;1\/3&#8243; css=&#8221;.vc_custom_1661520854072{padding-top: 00px !important;padding-bottom: 60px !important;padding-left: 50px !important;}&#8221;][vc_custom_heading text=&#8221;La Capella&#8221; font_container=&#8221;tag:h2|font_size:40px|text_align:left|line_height:1.2&#8243; use_theme_fonts=&#8221;yes&#8221; css=&#8221;.vc_custom_1661517224764{padding-top: 90px !important;}&#8221;][vc_separator color=&#8221;violet&#8221; align=&#8221;align_left&#8221; border_width=&#8221;6&#8243; el_width=&#8221;20&#8243;][vc_column_text]<\/p>\n<h4>La capella i els seus vitralls de colors conviden l&#8217;esperit familiar a menjars festius i de muntanya<\/h4>\n<p>[\/vc_column_text][\/vc_column][\/vc_row][vc_row equal_height=&#8221;yes&#8221; css=&#8221;.vc_custom_1533816996581{margin-bottom: 80px !important;}&#8221;][vc_column css_animation=&#8221;none&#8221; width=&#8221;2\/5&#8243; css=&#8221;.vc_custom_1534071479274{padding-top: 60px !important;padding-right: 50px !important;padding-bottom: 40px !important;}&#8221;][vc_custom_heading text=&#8221;La sala zen&#8221; font_container=&#8221;tag:h2|font_size:40px|text_align:left|line_height:1.2&#8243; use_theme_fonts=&#8221;yes&#8221;][vc_separator color=&#8221;violet&#8221; align=&#8221;align_left&#8221; border_width=&#8221;6&#8243; el_width=&#8221;20&#8243;][vc_column_text]<\/p>\n<h4>L&#8217;habitaci\u00f3 zen amb parets de color blau clar demana meditaci\u00f3 i descans de la ment. Est\u00e0 orientat al sud i convida el viatger a la contemplaci\u00f3.<\/h4>\n<p>[\/vc_column_text][\/vc_column][vc_column css_animation=&#8221;fadeInLeft&#8221; width=&#8221;3\/5&#8243; css=&#8221;.vc_custom_1534071506657{background-position: center !important;background-repeat: no-repeat !important;background-size: cover !important;}&#8221;][vc_media_grid element_width=&#8221;6&#8243; grid_id=&#8221;vc_gid:1665577482421-92c842b12f3a7831facb6129b557dd14-5&#8243; include=&#8221;265,267&#8243;][\/vc_column][\/vc_row][vc_row equal_height=&#8221;yes&#8221; css=&#8221;.vc_custom_1661518983842{margin-bottom: 80px !important;}&#8221;][vc_column css_animation=&#8221;fadeInRight&#8221; width=&#8221;2\/3&#8243; css=&#8221;.vc_custom_1650917671903{background-position: center !important;background-repeat: no-repeat !important;background-size: cover !important;}&#8221;][vc_media_grid element_width=&#8221;6&#8243; grid_id=&#8221;vc_gid:1665577482960-13a183e26f02521ef197121e61eb6648-5&#8243; include=&#8221;271,272&#8243;][\/vc_column][vc_column css_animation=&#8221;none&#8221; width=&#8221;1\/3&#8243; css=&#8221;.vc_custom_1661520017332{padding-top: 0px !important;padding-bottom: 40px !important;padding-left: 50px !important;}&#8221;][vc_custom_heading text=&#8221;La sala tradicional&#8221; font_container=&#8221;tag:h2|font_size:40px|text_align:left|line_height:1.2&#8243; use_theme_fonts=&#8221;yes&#8221; css=&#8221;.vc_custom_1661517270073{padding-top: 90px !important;}&#8221;][vc_separator color=&#8221;violet&#8221; align=&#8221;align_left&#8221; border_width=&#8221;6&#8243; el_width=&#8221;20&#8243;][vc_column_text]<\/p>\n<h4> Una decoraci\u00f3 en color pastel que inculca un aire de lleugeresa. Ideal per afavorir el son i el descans.<\/h4>\n<p>[\/vc_column_text][\/vc_column][\/vc_row][vc_row equal_height=&#8221;yes&#8221; css=&#8221;.vc_custom_1533816996581{margin-bottom: 80px !important;}&#8221;][vc_column css_animation=&#8221;none&#8221; width=&#8221;2\/5&#8243; css=&#8221;.vc_custom_1534071479274{padding-top: 60px !important;padding-right: 50px !important;padding-bottom: 40px !important;}&#8221;][vc_custom_heading text=&#8221;La Sala Blanca&#8221; font_container=&#8221;tag:h2|font_size:40px|text_align:left|line_height:1.2&#8243; use_theme_fonts=&#8221;yes&#8221;][vc_separator color=&#8221;violet&#8221; align=&#8221;align_left&#8221; border_width=&#8221;6&#8243; el_width=&#8221;20&#8243;][vc_column_text]<\/p>\n<h4>Atemporal, l&#8217;habitaci\u00f3 blanca sempre ha estat apreciada pel seu ambient relaxant, propici per al descans. Llumin\u00f3s i acollidor, \u00e9s l&#8217;entorn ideal per relaxar-se.<\/h4>\n<p>[\/vc_column_text][\/vc_column][vc_column css_animation=&#8221;fadeInLeft&#8221; width=&#8221;3\/5&#8243; css=&#8221;.vc_custom_1534071506657{background-position: center !important;background-repeat: no-repeat !important;background-size: cover !important;}&#8221;][vc_media_grid element_width=&#8221;6&#8243; grid_id=&#8221;vc_gid:1665577485068-0c6b3cdb970dfefc801b06093c4c54ef-9&#8243; include=&#8221;276,275&#8243;][\/vc_column][\/vc_row][vc_row equal_height=&#8221;yes&#8221; css=&#8221;.vc_custom_1533817061907{margin-bottom: 80px !important;}&#8221;][vc_column css_animation=&#8221;fadeInRight&#8221; width=&#8221;2\/3&#8243; css=&#8221;.vc_custom_1650917671903{background-position: center !important;background-repeat: no-repeat !important;background-size: cover !important;}&#8221;][vc_media_grid element_width=&#8221;6&#8243; grid_id=&#8221;vc_gid:1665577485692-256c0ceef0b018b0df82e076a1aadbcb-0&#8243; include=&#8221;278,279&#8243;][\/vc_column][vc_column css_animation=&#8221;none&#8221; width=&#8221;1\/3&#8243; css=&#8221;.vc_custom_1661521160454{padding-top: 00px !important;padding-bottom: 40px !important;padding-left: 50px !important;}&#8221;][vc_custom_heading text=&#8221;L&#8217;habitaci\u00f3 groga&#8221; font_container=&#8221;tag:h2|font_size:40px|text_align:left|line_height:1.2&#8243; use_theme_fonts=&#8221;yes&#8221; css=&#8221;.vc_custom_1661517321590{padding-top: 90px !important;}&#8221;][vc_separator color=&#8221;violet&#8221; align=&#8221;align_left&#8221; border_width=&#8221;6&#8243; el_width=&#8221;20&#8243;][vc_column_text]<\/p>\n<h4>El misteri de l&#8217;habitaci\u00f3 groga !<br \/>\n\u201cEl presbiteri no ha perdut res del seu encant, ni el jard\u00ed de la seva brillantor\u201d&#8230;<\/h4>\n<p>[\/vc_column_text][\/vc_column][\/vc_row][vc_row equal_height=&#8221;yes&#8221; css=&#8221;.vc_custom_1533816996581{margin-bottom: 80px !important;}&#8221;][vc_column css_animation=&#8221;none&#8221; width=&#8221;2\/5&#8243; css=&#8221;.vc_custom_1534071479274{padding-top: 60px !important;padding-right: 50px !important;padding-bottom: 40px !important;}&#8221;][vc_custom_heading text=&#8221;La sala Tolkien&#8221; font_container=&#8221;tag:h2|font_size:40px|text_align:left|line_height:1.2&#8243; use_theme_fonts=&#8221;yes&#8221;][vc_separator color=&#8221;violet&#8221; align=&#8221;align_left&#8221; border_width=&#8221;6&#8243; el_width=&#8221;20&#8243;][vc_column_text]<\/p>\n<h4>Aquesta habitaci\u00f3 t\u00e9 una voluntat pr\u00f2pia i pot influir en el seu propietari fins a cert punt!<\/h4>\n<p>[\/vc_column_text][\/vc_column][vc_column css_animation=&#8221;fadeInLeft&#8221; width=&#8221;3\/5&#8243; css=&#8221;.vc_custom_1534071506657{background-position: center !important;background-repeat: no-repeat !important;background-size: cover !important;}&#8221;][vc_media_grid element_width=&#8221;6&#8243; grid_id=&#8221;vc_gid:1665577488095-0cbbddfda894aac1e86c1ac483cb91e6-6&#8243; include=&#8221;282,283&#8243;][\/vc_column][\/vc_row][vc_row equal_height=&#8221;yes&#8221; css=&#8221;.vc_custom_1533817061907{margin-bottom: 80px !important;}&#8221;][vc_column css_animation=&#8221;fadeInRight&#8221; width=&#8221;2\/3&#8243; css=&#8221;.vc_custom_1650917671903{background-position: center !important;background-repeat: no-repeat !important;background-size: cover !important;}&#8221;][vc_media_grid element_width=&#8221;6&#8243; grid_id=&#8221;vc_gid:1665577488800-52da87d0d7161198decf65ef91b2713a-5&#8243; include=&#8221;285,286&#8243;][\/vc_column][vc_column css_animation=&#8221;none&#8221; width=&#8221;1\/3&#8243; css=&#8221;.vc_custom_1534069885035{padding-top: 60px !important;padding-bottom: 40px !important;padding-left: 50px !important;}&#8221;][vc_custom_heading text=&#8221;La sala Han Solo&#8221; font_container=&#8221;tag:h2|font_size:40px|text_align:left|line_height:1.2&#8243; use_theme_fonts=&#8221;yes&#8221; css=&#8221;.vc_custom_1661517392324{padding-top: 90px !important;}&#8221;][vc_separator color=&#8221;violet&#8221; align=&#8221;align_left&#8221; border_width=&#8221;6&#8243; el_width=&#8221;20&#8243;][vc_column_text]<\/p>\n<h4>Ideal per fugir del teu planeta natal i escapar a gal\u00e0xies llunyanes. Entre el cavaller Jedi i els senyors negres dels Sith, escapa, per\u00f2 no massa!<\/h4>\n<p>[\/vc_column_text][\/vc_column][\/vc_row][vc_row equal_height=&#8221;yes&#8221; css=&#8221;.vc_custom_1533816996581{margin-bottom: 80px !important;}&#8221;][vc_column css_animation=&#8221;none&#8221; width=&#8221;2\/5&#8243; css=&#8221;.vc_custom_1534071479274{padding-top: 60px !important;padding-right: 50px !important;padding-bottom: 40px !important;}&#8221;][vc_custom_heading text=&#8221;La sala de l&#8217;amor&#8221; font_container=&#8221;tag:h2|font_size:40px|text_align:left|line_height:1.2&#8243; use_theme_fonts=&#8221;yes&#8221;][vc_separator color=&#8221;violet&#8221; align=&#8221;align_left&#8221; border_width=&#8221;6&#8243; el_width=&#8221;20&#8243;][vc_column_text]<\/p>\n<h4>La vida \u00e9s un somni, l&#8217;amor \u00e9s el seu somni !<br \/>\nCelebrant l&#8217;amor en totes les seves formes: passi\u00f3 o tendresa, sentiments d&#8217;amor, fam\u00edlia o amistat&#8230;<\/h4>\n<p>[\/vc_column_text][\/vc_column][vc_column css_animation=&#8221;fadeInLeft&#8221; width=&#8221;3\/5&#8243; css=&#8221;.vc_custom_1534071506657{background-position: center !important;background-repeat: no-repeat !important;background-size: cover !important;}&#8221;][vc_media_grid element_width=&#8221;6&#8243; grid_id=&#8221;vc_gid:1665577491546-f9dea86c2cf0d39c0134a2b0b9e88ec6-9&#8243; include=&#8221;289,290&#8243;][\/vc_column][\/vc_row][vc_row equal_height=&#8221;yes&#8221; css=&#8221;.vc_custom_1533817061907{margin-bottom: 80px !important;}&#8221;][vc_column css_animation=&#8221;none&#8221; width=&#8221;1\/3&#8243; css=&#8221;.vc_custom_1650895646090{padding-top: 50px !important;padding-bottom: 40px !important;}&#8221;][vc_custom_heading text=&#8221;Les<br \/>\ncomoditats<br \/>\na la seva disposici\u00f3&#8221; font_container=&#8221;tag:h2|font_size:40px|text_align:left|line_height:1.2&#8243; use_theme_fonts=&#8221;yes&#8221; el_id=&#8221;amenities&#8221;][vc_separator color=&#8221;violet&#8221; align=&#8221;align_left&#8221; border_width=&#8221;6&#8243; el_width=&#8221;20&#8243;][vc_column_text]<\/p>\n<h3 class=\"ibox-title zn-secondary-color\">Una situaci\u00f3 ideal<\/h3>\n<div class=\"ibox-desc zn-paragraph-color\">\n<ul>\n<li>Compartint llocs distribu\u00efts per tota la propietat (sal\u00f3 i zones de jocs, taules grans)<\/li>\n<li>Equipament per a fam\u00edlies nombroses, grups d&#8217;amics i seminaris<\/li>\n<li>Una decoraci\u00f3 suau d&#8217;estil art d\u00e9co<\/li>\n<li>Roba de llit d&#8217;hotel c\u00f2moda<\/li>\n<\/ul>\n<\/div>\n<p>[\/vc_column_text][\/vc_column][vc_column css_animation=&#8221;fadeInLeft&#8221; width=&#8221;2\/3&#8243; css=&#8221;.vc_custom_1534069993175{margin-top: 10px !important;background-position: center !important;background-repeat: no-repeat !important;background-size: cover !important;}&#8221;][vc_row_inner][vc_column_inner width=&#8221;1\/3&#8243;][vc_column_text]<img loading=\"lazy\" decoding=\"async\" class=\"aligncenter size-full wp-image-82\" src=\"https:\/\/www.domainedemoutier.fr\/wp-content\/uploads\/2018\/08\/espresso-machine.png\" alt=\"\" width=\"32\" height=\"32\"><\/p>\n<h4 style=\"text-align: center;\">Zona culin\u00e0ria<\/h4>\n<p>[\/vc_column_text][\/vc_column_inner][vc_column_inner width=&#8221;1\/3&#8243;][vc_column_text]<img loading=\"lazy\" decoding=\"async\" class=\"aligncenter size-full wp-image-83\" src=\"https:\/\/www.domainedemoutier.fr\/wp-content\/uploads\/2018\/08\/washing-machine.png\" alt=\"\" width=\"32\" height=\"32\"><\/p>\n<h4 style=\"text-align: center;\">Rentadora<\/h4>\n<p>[\/vc_column_text][\/vc_column_inner][vc_column_inner width=&#8221;1\/3&#8243;][vc_column_text]<img loading=\"lazy\" decoding=\"async\" class=\"aligncenter size-full wp-image-85\" src=\"https:\/\/www.domainedemoutier.fr\/wp-content\/uploads\/2018\/08\/clothes-hanger-2.png\" alt=\"\" width=\"32\" height=\"32\"><\/p>\n<h4 style=\"text-align: center;\">Espai d&#8217;armari<\/h4>\n<p>[\/vc_column_text][\/vc_column_inner][\/vc_row_inner][vc_row_inner][vc_column_inner width=&#8221;1\/3&#8243;][vc_column_text]<img loading=\"lazy\" decoding=\"async\" class=\"aligncenter size-full wp-image-131\" src=\"https:\/\/www.domainedemoutier.fr\/wp-content\/uploads\/2018\/08\/fire.png\" alt=\"\" width=\"32\" height=\"32\"><\/p>\n<h4 style=\"text-align: center;\">Barbacoa<\/h4>\n<p>[\/vc_column_text][\/vc_column_inner][vc_column_inner width=&#8221;1\/3&#8243;][vc_column_text]<img loading=\"lazy\" decoding=\"async\" class=\"aligncenter size-full wp-image-133\" src=\"https:\/\/www.domainedemoutier.fr\/wp-content\/uploads\/2018\/08\/monitor.png\" alt=\"\" width=\"32\" height=\"32\"><\/p>\n<h4 style=\"text-align: center;\"> Televisi\u00f3 de pantalla plana<\/h4>\n<p>[\/vc_column_text][\/vc_column_inner][vc_column_inner width=&#8221;1\/3&#8243;][vc_column_text]<img loading=\"lazy\" decoding=\"async\" class=\"aligncenter size-full wp-image-132\" src=\"https:\/\/www.domainedemoutier.fr\/wp-content\/uploads\/2018\/08\/fire-extinguisher.png\" alt=\"\" width=\"32\" height=\"32\"><\/p>\n<h4 style=\"text-align: center;\">Extintors de foc<\/h4>\n<p>[\/vc_column_text][\/vc_column_inner][\/vc_row_inner][vc_row_inner][vc_column_inner width=&#8221;1\/3&#8243;][vc_column_text]<img loading=\"lazy\" decoding=\"async\" class=\"aligncenter size-full wp-image-86\" src=\"https:\/\/www.domainedemoutier.fr\/wp-content\/uploads\/2018\/08\/sun-umbrella-2.png\" alt=\"\" width=\"32\" height=\"32\"><\/p>\n<h4 style=\"text-align: center;\">Mobles d&#8217;exterior<\/h4>\n<p>[\/vc_column_text][\/vc_column_inner][vc_column_inner width=&#8221;1\/3&#8243;][vc_column_text]<img loading=\"lazy\" decoding=\"async\" class=\"aligncenter size-full wp-image-90\" src=\"https:\/\/www.domainedemoutier.fr\/wp-content\/uploads\/2018\/08\/fan.png\" alt=\"\" width=\"32\" height=\"32\"><\/p>\n<h4 style=\"text-align: center;\">Calefacci\u00f3 central<\/h4>\n<p>[\/vc_column_text][\/vc_column_inner][vc_column_inner width=&#8221;1\/3&#8243;][vc_column_text]<img loading=\"lazy\" decoding=\"async\" class=\"aligncenter size-full wp-image-89\" src=\"https:\/\/www.domainedemoutier.fr\/wp-content\/uploads\/2018\/08\/baby-bed-2.png\" alt=\"\" width=\"32\" height=\"32\"><\/p>\n<h4 style=\"text-align: center;\">Llit infantil<\/h4>\n<p>[\/vc_column_text][\/vc_column_inner][\/vc_row_inner][vc_row_inner][vc_column_inner width=&#8221;1\/3&#8243;][vc_column_text]<img loading=\"lazy\" decoding=\"async\" class=\"aligncenter size-full wp-image-88\" src=\"https:\/\/www.domainedemoutier.fr\/wp-content\/uploads\/2018\/08\/bicycle.png\" alt=\"\" width=\"32\" height=\"32\"><\/p>\n<h4 style=\"text-align: center;\">Cycle tracks<\/h4>\n<p>[\/vc_column_text][\/vc_column_inner][vc_column_inner width=&#8221;1\/3&#8243;][vc_column_text]<img loading=\"lazy\" decoding=\"async\" class=\"aligncenter size-full wp-image-84\" src=\"https:\/\/www.domainedemoutier.fr\/wp-content\/uploads\/2018\/08\/cigarette-2.png\" alt=\"\" width=\"32\" height=\"32\"><\/p>\n<h4 style=\"text-align: center;\">No fumador<\/h4>\n<p>[\/vc_column_text][\/vc_column_inner][vc_column_inner width=&#8221;1\/3&#8243;][vc_column_text]<img loading=\"lazy\" decoding=\"async\" class=\"aligncenter size-full wp-image-87\" src=\"https:\/\/www.domainedemoutier.fr\/wp-content\/uploads\/2018\/08\/tickets.png\" alt=\"\" width=\"32\" height=\"32\"><\/p>\n<h4 style=\"text-align: center;\">Servei de roba de llit<\/h4>\n<p>[\/vc_column_text][\/vc_column_inner][\/vc_row_inner][\/vc_column][\/vc_row][vc_row equal_height=&#8221;yes&#8221; css=&#8221;.vc_custom_1533816996581{margin-bottom: 80px !important;}&#8221;][vc_column css_animation=&#8221;fadeInRight&#8221; width=&#8221;2\/3&#8243; css=&#8221;.vc_custom_1534070054456{background-position: center !important;background-repeat: no-repeat !important;background-size: cover !important;}&#8221;][vc_media_grid element_width=&#8221;6&#8243; gap=&#8221;30&#8243; initial_loading_animation=&#8221;none&#8221; grid_id=&#8221;vc_gid:1665577501518-7f9593b4694bd49a39f98451d330450d-7&#8243; include=&#8221;308,309,307,303,299&#8243;][\/vc_column][vc_column css_animation=&#8221;none&#8221; width=&#8221;1\/3&#8243; css=&#8221;.vc_custom_1534070042426{padding-top: 60px !important;padding-bottom: 40px !important;padding-left: 50px !important;}&#8221;][vc_custom_heading text=&#8221;Fes una ullada a dins&#8221; font_container=&#8221;tag:h2|font_size:40px|text_align:left|line_height:1.2&#8243; use_theme_fonts=&#8221;yes&#8221; el_id=&#8221;gallery&#8221;][vc_separator color=&#8221;violet&#8221; align=&#8221;align_left&#8221; border_width=&#8221;6&#8243; el_width=&#8221;20&#8243;][vc_column_text]- Una cuina equipada per cuinar a gran escala.<\/p>\n<p>&#8211; Tindr\u00e0s molt a veure amb les piles de les cassoles de coure i el seu piano de 4 focs.<\/p>\n<p>\u2013 Un comprom\u00eds perfecte per esmorzar o berenar al migdia ![\/vc_column_text][\/vc_column][\/vc_row][vc_row equal_height=&#8221;yes&#8221; css=&#8221;.vc_custom_1533816996581{margin-bottom: 80px !important;}&#8221;][vc_column css_animation=&#8221;none&#8221; width=&#8221;1\/3&#8243; css=&#8221;.vc_custom_1650895523308{padding-top: 60px !important;padding-bottom: 40px !important;}&#8221;][vc_custom_heading text=&#8221;Deixa&#8217;t seduir per l&#8217;ambient&#8221; font_container=&#8221;tag:h2|font_size:40px|text_align:left|line_height:1.2&#8243; use_theme_fonts=&#8221;yes&#8221;][vc_separator color=&#8221;violet&#8221; align=&#8221;align_left&#8221; border_width=&#8221;6&#8243; el_width=&#8221;20&#8243;][vc_column_text]Tant si preneu un aperitiu com si organitzeu una partida de petanca, gaudiu de l&#8217;entorn verd del jard\u00ed i de l&#8217;hort mentre observeu les graelles.[\/vc_column_text][\/vc_column][vc_column css_animation=&#8221;fadeInLeft&#8221; width=&#8221;2\/3&#8243; css=&#8221;.vc_custom_1534070611302{background-position: center !important;background-repeat: no-repeat !important;background-size: cover !important;}&#8221;][vc_media_grid grid_id=&#8221;vc_gid:1665577505379-a269accac5f80424b9059801aa6bd57b-10&#8243; include=&#8221;296,295,294,293&#8243;][\/vc_column][\/vc_row][vc_row equal_height=&#8221;yes&#8221; css=&#8221;.vc_custom_1533817061907{margin-bottom: 80px !important;}&#8221;][vc_column css_animation=&#8221;fadeInRight&#8221; width=&#8221;2\/3&#8243; css=&#8221;.vc_custom_1534070143448{background-position: center !important;background-repeat: no-repeat !important;background-size: cover !important;}&#8221;][vc_gmaps link=&#8221;#E-8_JTNDaWZyYW1lJTIwc3JjJTNEJTIyaHR0cHMlM0ElMkYlMkZ3d3cuZ29vZ2xlLmNvbSUyRm1hcHMlMkZlbWJlZCUzRnBiJTNEJTIxMW0xOCUyMTFtMTIlMjExbTMlMjExZDI5NDIuNTk5MzI1ODk4MDg1JTIxMmQxLjk1MDkyOTYxNTMwMjQxNDMlMjEzZDQyLjQ3ODgwOTYzNTU4NjgwNiUyMTJtMyUyMTFmMCUyMTJmMCUyMTNmMCUyMTNtMiUyMTFpMTAyNCUyMTJpNzY4JTIxNGYxMy4xJTIxM20zJTIxMW0yJTIxMXMweDEyYTU3Y2Y0NmU4NGU4N2QlMjUzQTB4Njk0ZGI1Zjk5ZTI1YWExYSUyMTJzNyUyNTIwUnVlJTI1MjBkdSUyNTIwTW91dGllciUyNTJDJTI1MjA2Njc2MCUyNTIwQW5nb3VzdHJpbmUtVmlsbGVuZXV2ZS1kZXMtRXNjYWxkZXMlMjE1ZTAlMjEzbTIlMjExc2ZyJTIxMnNmciUyMTR2MTY2MTUyNDEyOTUyMiUyMTVtMiUyMTFzZnIlMjEyc2ZyJTIyJTIwd2lkdGglM0QlMjI2MDAlMjIlMjBoZWlnaHQlM0QlMjI0NTAlMjIlMjBzdHlsZSUzRCUyMmJvcmRlciUzQTAlM0IlMjIlMjBhbGxvd2Z1bGxzY3JlZW4lM0QlMjIlMjIlMjBsb2FkaW5nJTNEJTIybGF6eSUyMiUyMHJlZmVycmVycG9saWN5JTNEJTIybm8tcmVmZXJyZXItd2hlbi1kb3duZ3JhZGUlMjIlM0UlM0MlMkZpZnJhbWUlM0U=&#8221;][\/vc_column][vc_column css_animation=&#8221;none&#8221; width=&#8221;1\/3&#8243; css=&#8221;.vc_custom_1661729065618{padding-top: 00px !important;padding-bottom: 40px !important;}&#8221;][vc_custom_heading text=&#8221;Com<br \/>\narribar aqu\u00ed&#8221; font_container=&#8221;tag:h2|font_size:55px|text_align:left|line_height:1.2&#8243; use_theme_fonts=&#8221;yes&#8221; el_id=&#8221;location&#8221;][vc_separator color=&#8221;violet&#8221; align=&#8221;align_left&#8221; border_width=&#8221;6&#8243; el_width=&#8221;20&#8243;][vc_column_text]<strong>Tal :<\/strong><\/p>\n<ul>\n<li>Fundy +33 6 22 27 40 90<\/li>\n<li>Sabine +33 6 47 65 53 21<\/li>\n<\/ul>\n<p><strong>Correus electr\u00f2nics :<\/strong><\/p>\n<ul>\n<li><strong>info|at| domainedemoutier.fr<\/strong><\/li>\n<\/ul>\n<p><strong>Aeroports<\/strong> :<\/p>\n<ul>\n<li>Perpiny\u00e0 Rivesaltes<\/li>\n<li>Carcassona Salvaza<\/li>\n<li>Tolosa-Blagnac<\/li>\n<li>Barcelona El Prat<\/li>\n<\/ul>\n<p>[\/vc_column_text][\/vc_column][\/vc_row][vc_row equal_height=&#8221;yes&#8221; css=&#8221;.vc_custom_1533816996581{margin-bottom: 80px !important;}&#8221;][vc_column css_animation=&#8221;none&#8221; width=&#8221;1\/3&#8243; css=&#8221;.vc_custom_1650896055504{padding-top: 60px !important;padding-right: 30px !important;padding-bottom: 40px !important;}&#8221;][vc_custom_heading text=&#8221;Preu i<br \/>\ncondicions de la casa rural&#8221; font_container=&#8221;tag:h2|font_size:40px|text_align:left|line_height:1.2&#8243; use_theme_fonts=&#8221;yes&#8221; el_id=&#8221;rates&#8221;][vc_separator color=&#8221;violet&#8221; align=&#8221;align_left&#8221; border_width=&#8221;6&#8243; el_width=&#8221;20&#8243;][vc_column_text]<\/p>\n<h3><a href=\"https:\/\/www.domainedemoutier.fr\/wp-content\/uploads\/2022\/08\/contrat-location.pdf\"><strong>Feu clic aqu\u00ed per descarregar<br \/>\nel contracte de lloguer<\/strong><\/a><\/h3>\n<h3>Incl\u00f2s:<\/h3>\n<ul>\n<li>Servei a domicili<\/li>\n<li>Acc\u00e9s a internet Wi-Fi<\/li>\n<li>\u00das exclusiu de l&#8217;habitatge i instal\u00b7lacions enumerades<\/li>\n<\/ul>\n<p>[\/vc_column_text][\/vc_column][vc_column css_animation=&#8221;fadeInLeft&#8221; width=&#8221;2\/3&#8243; css=&#8221;.vc_custom_1534070182335{padding-top: 70px !important;padding-right: 0px !important;padding-left: 0px !important;background-position: center !important;background-repeat: no-repeat !important;background-size: cover !important;}&#8221;][vc_raw_html]PHRhYmxlPgoJPHRyPiA8dGg+Tml0cyBtw61uaW1lczwvdGg+IDx0aD5FVVLigqwgLyBuaXQ8L3RoPjwvdHI+Cgk8dHI+IDx0ZD4gMiA8L3RkPjx0ZD4xNDY1LjAwICo8L3RkPjwvdHI+IAoJPHRyPiA8dGQ+IDMgPC90ZD48dGQ+MTg1NS4wMCAqPC90ZD48L3RyPgoJPHRyPiA8dGQ+IDQgPC90ZD48dGQ+MjExNS4wMCAqPC90ZD48L3RyPgoJPHRyPiA8dGQ+IDUgPC90ZD48dGQ+MjI0NS4wMCAqPC90ZD48L3RyPiAKCTx0cj4gPHRkPiA2IDwvdGQ+PHRkPjI2MzUuMDAgKjwvdGQ+PC90cj4KCTx0cj4gPHRkPiA3IDwvdGQ+PHRkPjMwMjUuMDAgKjwvdGQ+PC90cj4KICAgICAgICA8dHI+IDx0ZD4gRGlhIGV4dHJhIDwvdGQ+PHRkPiA0MzLigqwgPC90ZD4gPC90cj4KPC90YWJsZT4KPHA+KiA8Yj4gVGVuaXUgbGEgcGxhw6dhIGVuIGdlc3Rpw7MgZ3JhdHXDr3RhOiBhcnJpYmFkYSAxNjowMGgsIHNvcnRpZGEgMTE6MDBoLiA8L2I+ICA8L3A+[\/vc_raw_html][vc_message style=&#8221;square&#8221; message_box_color=&#8221;chino&#8221; icon_fontawesome=&#8221;&#8221;]<strong><a href=\"https:\/\/www.domainedemoutier.fr\/wp-content\/uploads\/2022\/08\/contrat-location.pdf\">Feu clic aqu\u00ed per descarregar el contracte de lloguer Impost<\/a> <br \/> <br \/>\n<\/strong><strong>tur\u00edstic : incl\u00f2s<\/strong><br \/>\n<strong>Lloguer de llen\u00e7ols: incl\u00f2s<\/strong><br \/>\n<strong>Neteja final d&#8217;estada: incl\u00f2s<\/strong><br \/>\n<strong>Animals de companyia: no s&#8217;admeten<\/strong><br \/>\n<strong>Val de vacances: no<\/strong>[\/vc_message][\/vc_column][\/vc_row][vc_row css=&#8221;.vc_custom_1534070684018{margin-bottom: 80px !important;background-position: center !important;background-repeat: no-repeat !important;background-size: cover !important;}&#8221;][vc_column css=&#8221;.vc_custom_1534070748082{padding-top: 0px !important;padding-right: 0px !important;padding-bottom: 0px !important;padding-left: 0px !important;}&#8221;][vc_single_image image=&#8221;292&#8243; img_size=&#8221;full&#8221; alignment=&#8221;center&#8221; css=&#8221;.vc_custom_1654362610882{padding-right: 0px !important;padding-left: 0px !important;}&#8221;][\/vc_column][\/vc_row][vc_row equal_height=&#8221;yes&#8221; css=&#8221;.vc_custom_1533816996581{margin-bottom: 80px !important;}&#8221;][vc_column css_animation=&#8221;none&#8221; width=&#8221;1\/3&#8243; css=&#8221;.vc_custom_1534070236194{padding-top: 60px !important;padding-right: 50px !important;padding-bottom: 40px !important;}&#8221;][vc_custom_heading text=&#8221;Reserva la teva estada&#8221; font_container=&#8221;tag:h2|font_size:40px|text_align:left|line_height:1.2&#8243; use_theme_fonts=&#8221;yes&#8221; el_id=&#8221;reservation&#8221;][vc_separator color=&#8221;violet&#8221; align=&#8221;align_left&#8221; border_width=&#8221;6&#8243; el_width=&#8221;20&#8243;][vc_column_text]<\/p>\n<h4><a href=\"https:\/\/www.domainedemoutier.fr\/wp-content\/uploads\/2022\/08\/contrat-location.pdf\"><strong>Feu clic aqu\u00ed per descarregar el contracte de lloguer<br \/>\n<\/strong><\/a><\/h4>\n<h4><a href=\"https:\/\/stripe.com\/fr\"><strong>Paga amb Stripe.com, el nostre soci de pagament en l\u00ednia segur<\/strong><\/a><\/h4>\n<p><img loading=\"lazy\" decoding=\"async\" class=\"alignnone size-medium wp-image-437\" src=\"https:\/\/www.domainedemoutier.fr\/wp-content\/uploads\/2022\/08\/logo-stripe-secure-300x76.png\" alt=\"\" width=\"300\" height=\"76\" srcset=\"https:\/\/www.domainedemoutier.fr\/wp-content\/uploads\/2022\/08\/logo-stripe-secure-300x76.png 300w, https:\/\/www.domainedemoutier.fr\/wp-content\/uploads\/2022\/08\/logo-stripe-secure-600x152.png 600w, https:\/\/www.domainedemoutier.fr\/wp-content\/uploads\/2022\/08\/logo-stripe-secure.png 657w\" sizes=\"auto, (max-width: 300px) 100vw, 300px\" \/>[\/vc_column_text][\/vc_column][vc_column css_animation=&#8221;fadeInLeft&#8221; width=&#8221;2\/3&#8243; css=&#8221;.vc_custom_1661721387254{border-top-width: 6px !important;border-right-width: 6px !important;border-bottom-width: 6px !important;border-left-width: 6px !important;padding-top: 50px !important;padding-right: 40px !important;padding-bottom: 25px !important;padding-left: 40px !important;background-position: center !important;background-repeat: no-repeat !important;background-size: cover !important;border-left-color: #8224e3 !important;border-left-style: solid !important;border-right-color: #8224e3 !important;border-right-style: solid !important;border-top-color: #8224e3 !important;border-top-style: solid !important;border-bottom-color: #8224e3 !important;border-bottom-style: solid !important;}&#8221;]\n<div class=\"wpcf7 no-js\" id=\"wpcf7-f706-o1\" lang=\"ca\" dir=\"ltr\">\n<div class=\"screen-reader-response\"><p role=\"status\" aria-live=\"polite\" aria-atomic=\"true\"><\/p> <ul><\/ul><\/div>\n<form action=\"\/ca\/wp-json\/wp\/v2\/pages\/686#wpcf7-f706-o1\" method=\"post\" class=\"wpcf7-form init\" aria-label=\"Formulari de contacte\" novalidate=\"novalidate\" data-status=\"init\">\n<div style=\"display: none;\">\n<input type=\"hidden\" name=\"_wpcf7\" value=\"706\" \/>\n<input type=\"hidden\" name=\"_wpcf7_version\" value=\"5.9.6\" \/>\n<input type=\"hidden\" name=\"_wpcf7_locale\" value=\"ca\" \/>\n<input type=\"hidden\" name=\"_wpcf7_unit_tag\" value=\"wpcf7-f706-o1\" \/>\n<input type=\"hidden\" name=\"_wpcf7_container_post\" value=\"0\" \/>\n<input type=\"hidden\" name=\"_wpcf7_posted_data_hash\" value=\"\" \/>\n<\/div>\n<div class=\"row\">\n\t<div class=\"f-item one-half\">\n\t\t<p><label>Nom i cognoms <span class=\"req\">*<\/span><\/label><span class=\"wpcf7-form-control-wrap\" data-name=\"your-name\"><input size=\"40\" maxlength=\"80\" class=\"wpcf7-form-control wpcf7-text wpcf7-validates-as-required\" aria-required=\"true\" aria-invalid=\"false\" value=\"\" type=\"text\" name=\"your-name\" \/><\/span>\n\t\t<\/p>\n\t<\/div>\n\t<div class=\"f-item one-half\">\n\t\t<p><label>Correu electr\u00f2nic <span class=\"req\">*<\/span><\/label><span class=\"wpcf7-form-control-wrap\" data-name=\"your-email\"><input size=\"40\" maxlength=\"80\" class=\"wpcf7-form-control wpcf7-email wpcf7-validates-as-required wpcf7-text wpcf7-validates-as-email\" aria-required=\"true\" aria-invalid=\"false\" value=\"\" type=\"email\" name=\"your-email\" \/><\/span>\n\t\t<\/p>\n\t<\/div>\n\t<div class=\"f-item one-half\">\n\t\t<p><label>Data d'arribada <span class=\"req\">*<\/span><\/label><span class=\"wpcf7-form-control-wrap\" data-name=\"Check-indate\"><input class=\"wpcf7-form-control wpcf7-date wpcf7-validates-as-required wpcf7-validates-as-date\" aria-required=\"true\" aria-invalid=\"false\" value=\"\" type=\"date\" name=\"Check-indate\" \/><\/span>\n\t\t<\/p>\n\t<\/div>\n\t<div class=\"f-item one-half\">\n\t\t<p><label>Data de sortida <span class=\"req\">*<\/span><\/label><span class=\"wpcf7-form-control-wrap\" data-name=\"Check-outdate\"><input class=\"wpcf7-form-control wpcf7-date wpcf7-validates-as-required wpcf7-validates-as-date\" aria-required=\"true\" aria-invalid=\"false\" value=\"\" type=\"date\" name=\"Check-outdate\" \/><\/span>\n\t\t<\/p>\n\t<\/div>\n\t<div class=\"f-item one-third\">\n\t\t<p><label>Adults <span class=\"req\">*<\/span><\/label><span class=\"wpcf7-form-control-wrap\" data-name=\"Adults\"><input class=\"wpcf7-form-control wpcf7-number wpcf7-validates-as-required wpcf7-validates-as-number\" min=\"2\" max=\"13\" aria-required=\"true\" aria-invalid=\"false\" value=\"\" type=\"number\" name=\"Adults\" \/><\/span>\n\t\t<\/p>\n\t<\/div>\n\t<div class=\"f-item one-third\">\n\t\t<p><label>Nens de 5 a 12 anys <span class=\"req\">*<\/span><\/label><span class=\"wpcf7-form-control-wrap\" data-name=\"Children\"><input class=\"wpcf7-form-control wpcf7-number wpcf7-validates-as-required wpcf7-validates-as-number\" min=\"0\" max=\"7\" aria-required=\"true\" aria-invalid=\"false\" value=\"\" type=\"number\" name=\"Children\" \/><\/span>\n\t\t<\/p>\n\t<\/div>\n\t<div class=\"f-item one-third\">\n\t\t<p><label>Nens de 0 a 5 anys <span class=\"req\">*<\/span><\/label><span class=\"wpcf7-form-control-wrap\" data-name=\"Infants\"><input class=\"wpcf7-form-control wpcf7-number wpcf7-validates-as-required wpcf7-validates-as-number\" min=\"0\" max=\"5\" aria-required=\"true\" aria-invalid=\"false\" value=\"\" type=\"number\" name=\"Infants\" \/><\/span>\n\t\t<\/p>\n\t<\/div>\n\t<div class=\"f-item one-half\">\n\t\t<p><label>Tel\u00e8fon <span class=\"req\">*<\/span><\/label><span class=\"wpcf7-form-control-wrap\" data-name=\"phone\"><input size=\"40\" maxlength=\"80\" class=\"wpcf7-form-control wpcf7-tel wpcf7-validates-as-required wpcf7-text wpcf7-validates-as-tel\" aria-required=\"true\" aria-invalid=\"false\" value=\"\" type=\"tel\" name=\"phone\" \/><\/span>\n\t\t<\/p>\n\t<\/div>\n\t<div class=\"f-item full-width\">\n\t\t<p><label>El teu missatge<\/label><span class=\"wpcf7-form-control-wrap\" data-name=\"your-message\"><textarea cols=\"40\" rows=\"10\" maxlength=\"400\" class=\"wpcf7-form-control wpcf7-textarea\" aria-invalid=\"false\" name=\"your-message\"><\/textarea><\/span>\n\t\t<\/p>\n\t<\/div>\n\t<p>[checkbox* checkbox use_label_element \"J\" accepte=\"\" les=\"\" termes=\"\" et=\"\" conditions.=\"\"]\n\t<\/p>\n\t<div class=\"f-item full-width\">\n\t\t<p><input class=\"wpcf7-form-control wpcf7-submit has-spinner\" type=\"submit\" value=\"Envoyer\" \/>\n\t\t<\/p>\n\t<\/div>\n<\/div><div class=\"wpcf7-response-output\" aria-hidden=\"true\"><\/div>\n<\/form>\n<\/div>\n[\/vc_column][\/vc_row][vc_row equal_height=&#8221;yes&#8221; css=&#8221;.vc_custom_1533816996581{margin-bottom: 80px !important;}&#8221;][vc_column css_animation=&#8221;none&#8221; width=&#8221;1\/3&#8243; css=&#8221;.vc_custom_1650895523308{padding-top: 60px !important;padding-bottom: 40px !important;}&#8221;][vc_custom_heading text=&#8221;Lloguem el nostre apartament a 10 minuts amb cotxe&#8221; font_container=&#8221;tag:h2|font_size:40px|text_align:left|line_height:1.2&#8243; use_theme_fonts=&#8221;yes&#8221;][vc_separator color=&#8221;chino&#8221; align=&#8221;align_left&#8221; border_width=&#8221;6&#8243; el_width=&#8221;20&#8243;][vc_column_text]<\/p>\n<h4>Aquest magn\u00edfic apartament amb una vista impressionant est\u00e0 a la vostra disposici\u00f3 per comen\u00e7ar o continuar la vostra estada al Pa\u00eds Catal\u00e0.<\/h4>\n<h4>Per reservar aquesta perla rara amb luxe, calma i voluptuositat, aneu a l&#8217; agenda de <a href=\"https:\/\/www.airbnb.com\/h\/location-montagne-nature\">reserves aqu\u00ed<\/a><\/h4>\n<h4><span style=\"color: #ff6600;\">Reserveu amb el codi QR a continuaci\u00f3 o poseu-vos <a style=\"color: #ff6600;\" href=\"info@domainedemoutier.fr\">en contacte<\/a> amb nosaltres per pagar en l\u00ednia de manera segura amb el nostre soci de pagament <a style=\"color: #ff6600;\" href=\"https:\/\/stripe.com\/fr\">www.stripe.com<\/a><\/span><br \/>\n<img loading=\"lazy\" decoding=\"async\" class=\"alignnone size-medium wp-image-409\" src=\"https:\/\/www.domainedemoutier.fr\/wp-content\/uploads\/2022\/08\/bit.ly_3Rge3PQ-300x300.png\" alt=\"\" width=\"300\" height=\"300\" srcset=\"https:\/\/www.domainedemoutier.fr\/wp-content\/uploads\/2022\/08\/bit.ly_3Rge3PQ-300x300.png 300w, https:\/\/www.domainedemoutier.fr\/wp-content\/uploads\/2022\/08\/bit.ly_3Rge3PQ-600x600.png 600w, https:\/\/www.domainedemoutier.fr\/wp-content\/uploads\/2022\/08\/bit.ly_3Rge3PQ-100x100.png 100w, https:\/\/www.domainedemoutier.fr\/wp-content\/uploads\/2022\/08\/bit.ly_3Rge3PQ.png 656w\" sizes=\"auto, (max-width: 300px) 100vw, 300px\" \/><\/h4>\n<p>[\/vc_column_text][\/vc_column][vc_column css_animation=&#8221;fadeInLeft&#8221; width=&#8221;2\/3&#8243; css=&#8221;.vc_custom_1534070611302{background-position: center !important;background-repeat: no-repeat !important;background-size: cover !important;}&#8221;][vc_media_grid grid_id=&#8221;vc_gid:1665577518599-c42ffb2771d330f4dfad76ccf9bcd19a-0&#8243; include=&#8221;404,405,406,407&#8243;][\/vc_column][\/vc_row][vc_row][vc_column][vc_custom_heading text=&#8221;Aig\u00fces Termals i Tresors Culinaris de la nostra Comarca<br \/>\nPrivatitzem els Banys d&#8217;Aigua Calenta i Descobrim la Gastronomia&#8221; font_container=&#8221;tag:h2|font_size:40px|text_align:left|line_height:1.2&#8243;][\/vc_column][\/vc_row][vc_row full_width=&#8221;stretch_row&#8221; content_placement=&#8221;middle&#8221; css=&#8221;.vc_custom_1661539901043{padding-bottom: 35px !important;background-color: #d3a1e0 !important;}&#8221;][vc_column width=&#8221;1\/4&#8243;]<div class=\"widget widget-sidebar \">\t\t<!-- Call to action -->\n\t\t<div class=\"cta\">\n\t\t\t<div class=\"wrap\">\n\t\t\t\t<p>\n\t\t\t\t\tPrivatisez les bains d'eau chaude de Dorres. Les bains romains. Offrez-vous une pause d\u00e9tente et relaxation !\t\t\t\t<\/p>\n\t\t\t\t<a href=\"https:\/\/www.dorres66.com\/contact\/\" class=\"gradient-button\">Privatiser ici<\/a>\n\t\t\t<\/div>\n\t\t<\/div>\n\t\t<!-- \/\/Call to action -->\n\t\t<\/div>[vc_single_image image=&#8221;439&#8243;][\/vc_column][vc_column width=&#8221;1\/4&#8243;]<div class=\"widget widget-sidebar \">\t\t<!-- Call to action -->\n\t\t<div class=\"cta\">\n\t\t\t<div class=\"wrap\">\n\t\t\t\t<p>\n\t\t\t\t\tLes chefs Albert et M\u00e9lina - Une maison o\u00f9 l\u2019ont revit les recettes classiques de la Grande Cuisine Fran\u00e7aise\t\t\t\t<\/p>\n\t\t\t\t<a href=\"http:\/\/www.ambassadedellivia.com\/fr\/\" class=\"gradient-button\">Ambassade de Llivia<\/a>\n\t\t\t<\/div>\n\t\t<\/div>\n\t\t<!-- \/\/Call to action -->\n\t\t<\/div>[vc_single_image image=&#8221;442&#8243;][\/vc_column][vc_column width=&#8221;1\/4&#8243;]<div class=\"widget widget-sidebar \">\t\t<!-- Call to action -->\n\t\t<div class=\"cta\">\n\t\t\t<div class=\"wrap\">\n\t\t\t\t<p>\n\t\t\t\t\tVous cherchez un excellent p\u00e2tissier ! Commandez chez Fabien Armisen. Cliquez sur les liens ci-dessous.\t\t\t\t<\/p>\n\t\t\t\t<a href=\"https:\/\/www.facebook.com\/people\/Latelier-Fabien-Armisen\" class=\"gradient-button\">L&#039;Atelier<\/a>\n\t\t\t<\/div>\n\t\t<\/div>\n\t\t<!-- \/\/Call to action -->\n\t\t<\/div>[vc_single_image image=&#8221;415&#8243;][\/vc_column][vc_column width=&#8221;1\/4&#8243;]<div class=\"widget widget-sidebar \">\t\t<!-- Call to action -->\n\t\t<div class=\"cta\">\n\t\t\t<div class=\"wrap\">\n\t\t\t\t<p>\n\t\t\t\t\tBernard Bonzom Traiteur vous propose des plats cuisin\u00e9s et une \u00e9picerie fine de produits r\u00e9gionaux.\t\t\t\t<\/p>\n\t\t\t\t<a href=\"https:\/\/www.charcuterie-catalane-bonzom.com\/\" class=\"gradient-button\">Traiteur Bonzom<\/a>\n\t\t\t<\/div>\n\t\t<\/div>\n\t\t<!-- \/\/Call to action -->\n\t\t<\/div>[vc_single_image image=&#8221;449&#8243;][\/vc_column][\/vc_row][vc_row][vc_column][vc_empty_space height=&#8221;5px&#8221;][\/vc_column][\/vc_row][vc_row full_width=&#8221;stretch_row&#8221; css=&#8221;.vc_custom_1533829070271{margin-bottom: -20px !important;background-color: #eae5e6 !important;}&#8221;][vc_column width=&#8221;5\/6&#8243; css=&#8221;.vc_custom_1534074587761{padding-top: 20px !important;}&#8221;][rev_slider_vc alias=&#8221;BYT-Villa-Testimonials&#8221; title=&#8221;Els nostres clients parlen de nosaltres !&#8221;][\/vc_column][vc_column width=&#8221;1\/6&#8243; offset=&#8221;vc_hidden-sm vc_hidden-xs&#8221;][vc_column_text]<\/p>\n<p style=\"text-align: center;\">Consulta totes les ressenyes a tripadvisor<\/p>\n<p><a href=\"https:\/\/www.tripadvisor.com\/\"><img loading=\"lazy\" decoding=\"async\" class=\"aligncenter size-full wp-image-126\" src=\"https:\/\/www.domainedemoutier.fr\/wp-content\/uploads\/2018\/08\/tripadvisor.png\" alt=\"\" width=\"80\" height=\"70\"><\/a>[\/vc_column_text][\/vc_column][\/vc_row][vc_row][vc_column][vc_column_text]<\/p>\n<h3><strong>Pagueu en l\u00ednia amb el nostre soci de pagament en l\u00ednia segur www.stripe.com <a href=\"https:\/\/stripe.com\/fr\">www.stripe.com<\/a><\/strong><\/h3>\n<p><img loading=\"lazy\" decoding=\"async\" class=\"alignnone size-medium wp-image-437\" src=\"https:\/\/www.domainedemoutier.fr\/wp-content\/uploads\/2022\/08\/logo-stripe-secure-300x76.png\" alt=\"\" width=\"300\" height=\"76\" srcset=\"https:\/\/www.domainedemoutier.fr\/wp-content\/uploads\/2022\/08\/logo-stripe-secure-300x76.png 300w, https:\/\/www.domainedemoutier.fr\/wp-content\/uploads\/2022\/08\/logo-stripe-secure-600x152.png 600w, https:\/\/www.domainedemoutier.fr\/wp-content\/uploads\/2022\/08\/logo-stripe-secure.png 657w\" sizes=\"auto, (max-width: 300px) 100vw, 300px\" \/>[\/vc_column_text][\/vc_column][\/vc_row]<\/p>\n","protected":false},"excerpt":{"rendered":"<p>[vc_row full_width=&#8221;stretch_row&#8221; equal_height=&#8221;yes&#8221; css=&#8221;.vc_custom_1538992832051{margin-bottom: 80px !important;padding-top: 0px !important;padding-bottom: 5px !important;background-color: #eae5e6 !important;}&#8221;][vc_column width=&#8221;1\/6&#8243;][vc_column_text] Sense fil [\/vc_column_text][\/vc_column][vc_column width=&#8221;1\/6&#8243;][vc_column_text] 7 dormitoris [\/vc_column_text][\/vc_column][vc_column width=&#8221;1\/6&#8243;][vc_column_text] 4 banys [\/vc_column_text][\/vc_column][vc_column width=&#8221;1\/6&#8243;][vc_column_text] Aparcament privat [\/vc_column_text][\/vc_column][vc_column width=&#8221;1\/6&#8243;][vc_column_text] Hort-jard\u00ed [\/vc_column_text][\/vc_column][vc_column width=&#8221;1\/6&#8243;][vc_column_text] GR10 i pistes [\/vc_column_text][\/vc_column][\/vc_row][vc_row][vc_column][vc_custom_heading text=&#8221;Benvinguda de grup al Domaine de Moutier&#8221; font_container=&#8221;tag:h2|font_size:40px|text_align:left|line_height:1.2&#8243; use_theme_fonts=&#8221;yes&#8221;][vc_column_text] Vine a capturar tota la bellesa del Pa\u00eds Catal\u00e0 \u201ca [&hellip;]<\/p>\n","protected":false},"author":1,"featured_media":0,"parent":0,"menu_order":0,"comment_status":"closed","ping_status":"closed","template":"byt_home.php","meta":{"footnotes":""},"class_list":["post-686","page","type-page","status-publish","hentry"],"_links":{"self":[{"href":"https:\/\/www.domainedemoutier.fr\/ca\/wp-json\/wp\/v2\/pages\/686","targetHints":{"allow":["GET"]}}],"collection":[{"href":"https:\/\/www.domainedemoutier.fr\/ca\/wp-json\/wp\/v2\/pages"}],"about":[{"href":"https:\/\/www.domainedemoutier.fr\/ca\/wp-json\/wp\/v2\/types\/page"}],"author":[{"embeddable":true,"href":"https:\/\/www.domainedemoutier.fr\/ca\/wp-json\/wp\/v2\/users\/1"}],"replies":[{"embeddable":true,"href":"https:\/\/www.domainedemoutier.fr\/ca\/wp-json\/wp\/v2\/comments?post=686"}],"version-history":[{"count":18,"href":"https:\/\/www.domainedemoutier.fr\/ca\/wp-json\/wp\/v2\/pages\/686\/revisions"}],"predecessor-version":[{"id":832,"href":"https:\/\/www.domainedemoutier.fr\/ca\/wp-json\/wp\/v2\/pages\/686\/revisions\/832"}],"wp:attachment":[{"href":"https:\/\/www.domainedemoutier.fr\/ca\/wp-json\/wp\/v2\/media?parent=686"}],"curies":[{"name":"wp","href":"https:\/\/api.w.org\/{rel}","templated":true}]}}